{"version":"1.0","provider_name":"Motorista.com.br","provider_url":"https:\/\/motorista.com.br\/noticias","author_name":"Equipe Reda\u00e7\u00e3o","author_url":"https:\/\/motorista.com.br\/noticias\/author\/equiperedacao\/","title":"Maduro confirma situa\u00e7\u00e3o com imagens da deten\u00e7\u00e3o","type":"rich","width":600,"height":338,"html":"<blockquote class=\"wp-embedded-content\" data-secret=\"V0ew5CAqrc\"><a href=\"https:\/\/motorista.com.br\/noticias\/2026\/08\/30\/maduro-confirma-situacao-com-imagens-da-detencao\/\">Maduro confirma situa\u00e7\u00e3o com imagens da deten\u00e7\u00e3o<\/a><\/blockquote><iframe sandbox=\"allow-scripts\" security=\"restricted\" src=\"https:\/\/motorista.com.br\/noticias\/2026\/08\/30\/maduro-confirma-situacao-com-imagens-da-detencao\/embed\/#?secret=V0ew5CAqrc\" width=\"600\" height=\"338\" title=\"&#8220;Maduro confirma situa\u00e7\u00e3o com imagens da deten\u00e7\u00e3o&#8221; &#8212; Motorista.com.br\" data-secret=\"V0ew5CAqrc\" frameborder=\"0\" marginwidth=\"0\" marginheight=\"0\" scrolling=\"no\" class=\"wp-embedded-content\"><\/iframe><script>\n\/*! This file is auto-generated *\/\n!function(d,l){\"use strict\";l.querySelector&&d.addEventListener&&\"undefined\"!=typeof URL&&(d.wp=d.wp||{},d.wp.receiveEmbedMessage||(d.wp.receiveEmbedMessage=function(e){var t=e.data;if((t||t.secret||t.message||t.value)&&!\/[^a-zA-Z0-9]\/.test(t.secret)){for(var s,r,n,a=l.querySelectorAll('iframe[data-secret=\"'+t.secret+'\"]'),o=l.querySelectorAll('blockquote[data-secret=\"'+t.secret+'\"]'),c=new RegExp(\"^https?:$\",\"i\"),i=0;i<o.length;i++)o[i].style.display=\"none\";for(i=0;i<a.length;i++)s=a[i],e.source===s.contentWindow&&(s.removeAttribute(\"style\"),\"height\"===t.message?(1e3<(r=parseInt(t.value,10))?r=1e3:~~r<200&&(r=200),s.height=r):\"link\"===t.message&&(r=new URL(s.getAttribute(\"src\")),n=new URL(t.value),c.test(n.protocol))&&n.host===r.host&&l.activeElement===s&&(d.top.location.href=t.value))}},d.addEventListener(\"message\",d.wp.receiveEmbedMessage,!1),l.addEventListener(\"DOMContentLoaded\",function(){for(var e,t,s=l.querySelectorAll(\"iframe.wp-embedded-content\"),r=0;r<s.length;r++)(t=(e=s[r]).getAttribute(\"data-secret\"))||(t=Math.random().toString(36).substring(2,12),e.src+=\"#?secret=\"+t,e.setAttribute(\"data-secret\",t)),e.contentWindow.postMessage({message:\"ready\",secret:t},\"*\")},!1)))}(window,document);\n\/\/# sourceURL=https:\/\/motorista.com.br\/noticias\/wp-includes\/js\/wp-embed.min.js\n<\/script>\n","thumbnail_url":"https:\/\/motorista.com.br\/noticias\/wp-content\/uploads\/2026\/08\/nicolas-maduro-600x397.jpg","thumbnail_width":600,"thumbnail_height":397,"description":"&quot;Estamos firmes&quot;, diz Maduro ao publicar fotos da pris\u00e3o Recentemente, o presidente deposto da Venezuela, Nicol\u00e1s Maduro, publicou fotos de sua pris\u00e3o em Caracas, resultante de uma opera\u00e7\u00e3o militar dos Estados Unidos. Esta situa\u00e7\u00e3o traz \u00e0 tona n\u00e3o apenas quest\u00f5es pol\u00edticas, mas tamb\u00e9m impactos mais amplos que podem afetar a mobilidade e a seguran\u00e7a dos &hellip;"}